{"id":141696,"date":"2022-11-28T20:15:34","date_gmt":"2022-11-28T20:15:34","guid":{"rendered":"http:\/\/fundaciobofill.mortensen.cat\/publicacions-videos\/dossier-la-mejora-de-la-regulacion-de-los-conciertos-educativos-es-imprescindible-para-promover-la-equidad-y-reducir-las-desigualdades\/"},"modified":"2022-11-28T20:15:34","modified_gmt":"2022-11-28T20:15:34","slug":"dossier-la-mejora-de-la-regulacion-de-los-conciertos-educativos-es-imprescindible-para-promover-la-equidad-y-reducir-las-desigualdades","status":"publish","type":"publicacions","link":"https:\/\/pre.equitat.org\/es\/publicacions-videos\/dossier-la-mejora-de-la-regulacion-de-los-conciertos-educativos-es-imprescindible-para-promover-la-equidad-y-reducir-las-desigualdades","title":{"rendered":"Dossier: La mejora de la regulaci\u00f3n de los conciertos educativos es imprescindible para promover la equidad y reducir las desigualdades"},"content":{"rendered":"<h1><strong>Un informe urge a las administraciones educativas a revisar y reformar los conciertos educativos<\/strong><br \/><\/h1>\n<p>&#13;<\/p>\n<p>&#13;<\/p>\n<ul>\n<li>Espa\u00f1a es uno de los pa\u00edses de la OCDE con mayor peso de la educaci\u00f3n concertada. Actualmente, la escuela concertada en Espa\u00f1a representa alrededor del 30% del total de la matr\u00edcula en educaci\u00f3n primaria y secundaria. Este porcentaje se eleva de forma significativa, especialmente en la educaci\u00f3n secundaria, en comunidades aut\u00f3nomas como Euskadi (53,2%), Navarra (%), Madrid (40,1%) y La Rioja (39,1%), as\u00ed como en las \u00e1reas urbanas de estas y otras comunidades. <\/li>\n<\/ul>\n<p>&#13;<\/p>\n<ul>\n<li>No obstante, el sistema de conciertos espa\u00f1ol, lejos de representar una anomal\u00eda, es homologable al de otros pa\u00edses que tambi\u00e9n cuentan con sistemas de subsidios p\u00fablicos a la educaci\u00f3n privada.<\/li>\n<\/ul>\n<p>&#13;<\/p>\n<ul>\n<li>La evidencia internacional y organismos como la OCDE y la Comisi\u00f3n Europea (red Eurydice) han se\u00f1alado que los modelos de provisi\u00f3n educativa mixta (p\u00fablica y privada subvencionada) como el espa\u00f1ol tienden a aumentar la segregaci\u00f3n escolar y las desigualdades educativas.<\/li>\n<\/ul>\n<p>&#13;<\/p>\n<ul>\n<li>La LOMLOE introduce algunas novedades en la regulaci\u00f3n de los conciertos educativos, pero es necesario que estos cambios tengan una traducci\u00f3n en la regulaci\u00f3n auton\u00f3mica del sector concertado y que se enmarquen en una clara apuesta por una mayor corresponsabilizaci\u00f3n en la escolarizaci\u00f3n del alumnado m\u00e1s desfavorecido desde el punto de vista social y educativo. <\/li>\n<\/ul>\n<p>&#13;<\/p>\n<p>Madrid, 28 de noviembre de 2022<\/p>\n<p>&#13;<\/p>\n<p>En Espa\u00f1a, la educaci\u00f3n concertada tiene un peso muy significativo en la provisi\u00f3n educativa. Actualmente, alrededor del<strong> 30% del alumnado de educaci\u00f3n primaria y educaci\u00f3n secundaria obligatoria (ESO) se escolariza en centros concertados<\/strong>, aunque el porcentaje es muy superior en algunas comunidades aut\u00f3nomas y en los n\u00facleos urbanos m\u00e1s poblados.<\/p>\n<p>&#13;<\/p>\n<p><em><strong><strong>Relacionado:<\/strong><\/strong> Consulta la infograf\u00eda <strong><strong><a href=\"https:\/\/pre.equitat.org\/es\/blog\/infografia-educacion-concertada-espana\" target=\"_blank\">La educaci\u00f3n concertada en Espa\u00f1a, en datos<\/a><\/strong><\/strong><\/em><\/p>\n<p>&#13;<\/p>\n<p>Descarga el&nbsp;informe<a href=\"https:\/\/pre.equitat.org\/es\/publicaciones\/la-educacion-concertada-en-espana-reformas-en-clave-de-equidad-desde-una-perspectiva-internacional\" target=\"_blank\"> <\/a><strong><a href=\"https:\/\/pre.equitat.org\/es\/publicaciones\/la-educacion-concertada-en-espana-reformas-en-clave-de-equidad-desde-una-perspectiva-internacional\" target=\"_blank\">La educaci\u00f3n concertada en Espa\u00f1a: Reformas en clave de equidad desde una perspectiva internacional<\/a><\/strong>, elaborado por Adri\u00e1n Zancajo, Antoni Verger y Clara Fontdevila.<\/p>\n","protected":false},"excerpt":{"rendered":"<p>Un informe urge a las administraciones educativas a revisar y reformar los conciertos educativos &#13; &#13; Espa\u00f1a es uno de los pa\u00edses de la OCDE con mayor peso de la educaci\u00f3n concertada. Actualmente, la escuela concertada en Espa\u00f1a representa alrededor del 30% del total de la matr\u00edcula en educaci\u00f3n primaria y secundaria. Este porcentaje se [&hellip;]<\/p>\n","protected":false},"featured_media":141700,"parent":0,"menu_order":0,"template":"","class_list":["post-141696","publicacions","type-publicacions","status-publish","has-post-thumbnail","hentry"],"acf":[],"yoast_head":"<!-- This site is optimized with the Yoast SEO plugin v28.3 - https:\/\/yoast.com\/product\/yoast-seo-wordpress\/ -->\n<title>Dossier: La mejora de la regulaci\u00f3n de los conciertos educativos es imprescindible para promover la equidad y reducir las desigualdades - Equitat.org<\/title>\n<meta name=\"robots\" content=\"noindex, follow, max-snippet:-1, max-image-preview:large, max-video-preview:-1\" \/>\n<meta property=\"og:locale\" content=\"es_ES\" \/>\n<meta property=\"og:type\" content=\"article\" \/>\n<meta property=\"og:title\" content=\"Dossier: La mejora de la regulaci\u00f3n de los conciertos educativos es imprescindible para promover la equidad y reducir las desigualdades - Equitat.org\" \/>\n<meta property=\"og:description\" content=\"Un informe urge a las administraciones educativas a revisar y reformar los conciertos educativos &#013; &#013; Espa\u00f1a es uno de los pa\u00edses de la OCDE con mayor peso de la educaci\u00f3n concertada. Actualmente, la escuela concertada en Espa\u00f1a representa alrededor del 30% del total de la matr\u00edcula en educaci\u00f3n primaria y secundaria. Este porcentaje se [&hellip;]\" \/>\n<meta property=\"og:url\" content=\"https:\/\/pre.equitat.org\/es\/publicacions-videos\/dossier-la-mejora-de-la-regulacion-de-los-conciertos-educativos-es-imprescindible-para-promover-la-equidad-y-reducir-las-desigualdades\" \/>\n<meta property=\"og:site_name\" content=\"Equitat.org\" \/>\n<meta property=\"article:publisher\" content=\"https:\/\/www.facebook.com\/FundacioBofill?locale=es_ES\" \/>\n<meta property=\"og:image\" content=\"https:\/\/www.equitat.org\/app\/uploads\/2025\/03\/b8p-politiques91_web_1020x844px-cast.jpg\" \/>\n\t<meta property=\"og:image:width\" content=\"1020\" \/>\n\t<meta property=\"og:image:height\" content=\"844\" \/>\n\t<meta property=\"og:image:type\" content=\"image\/jpeg\" \/>\n<meta name=\"twitter:card\" content=\"summary_large_image\" \/>\n<meta name=\"twitter:site\" content=\"@FundacioBofill\" \/>\n<meta name=\"twitter:label1\" content=\"Tiempo de lectura\" \/>\n\t<meta name=\"twitter:data1\" content=\"2 minutos\" \/>\n<script type=\"application\/ld+json\" class=\"yoast-schema-graph\">{\"@context\":\"https:\\\/\\\/schema.org\",\"@graph\":[{\"@type\":\"WebPage\",\"@id\":\"https:\\\/\\\/pre.equitat.org\\\/es\\\/publicacions-videos\\\/dossier-la-mejora-de-la-regulacion-de-los-conciertos-educativos-es-imprescindible-para-promover-la-equidad-y-reducir-las-desigualdades\",\"url\":\"https:\\\/\\\/pre.equitat.org\\\/es\\\/publicacions-videos\\\/dossier-la-mejora-de-la-regulacion-de-los-conciertos-educativos-es-imprescindible-para-promover-la-equidad-y-reducir-las-desigualdades\",\"name\":\"Dossier: La mejora de la regulaci\u00f3n de los conciertos educativos es imprescindible para promover la equidad y reducir las desigualdades - Equitat.org\",\"isPartOf\":{\"@id\":\"https:\\\/\\\/pre.equitat.org\\\/es#website\"},\"primaryImageOfPage\":{\"@id\":\"https:\\\/\\\/pre.equitat.org\\\/es\\\/publicacions-videos\\\/dossier-la-mejora-de-la-regulacion-de-los-conciertos-educativos-es-imprescindible-para-promover-la-equidad-y-reducir-las-desigualdades#primaryimage\"},\"image\":{\"@id\":\"https:\\\/\\\/pre.equitat.org\\\/es\\\/publicacions-videos\\\/dossier-la-mejora-de-la-regulacion-de-los-conciertos-educativos-es-imprescindible-para-promover-la-equidad-y-reducir-las-desigualdades#primaryimage\"},\"thumbnailUrl\":\"https:\\\/\\\/pre.equitat.org\\\/app\\\/uploads\\\/2025\\\/03\\\/b8p-politiques91_web_1020x844px-cast.jpg\",\"datePublished\":\"2022-11-28T20:15:34+00:00\",\"inLanguage\":\"es\",\"potentialAction\":[{\"@type\":\"ReadAction\",\"target\":[\"https:\\\/\\\/pre.equitat.org\\\/es\\\/publicacions-videos\\\/dossier-la-mejora-de-la-regulacion-de-los-conciertos-educativos-es-imprescindible-para-promover-la-equidad-y-reducir-las-desigualdades\"]}]},{\"@type\":\"ImageObject\",\"inLanguage\":\"es\",\"@id\":\"https:\\\/\\\/pre.equitat.org\\\/es\\\/publicacions-videos\\\/dossier-la-mejora-de-la-regulacion-de-los-conciertos-educativos-es-imprescindible-para-promover-la-equidad-y-reducir-las-desigualdades#primaryimage\",\"url\":\"https:\\\/\\\/pre.equitat.org\\\/app\\\/uploads\\\/2025\\\/03\\\/b8p-politiques91_web_1020x844px-cast.jpg\",\"contentUrl\":\"https:\\\/\\\/pre.equitat.org\\\/app\\\/uploads\\\/2025\\\/03\\\/b8p-politiques91_web_1020x844px-cast.jpg\",\"width\":1020,\"height\":844},{\"@type\":\"WebSite\",\"@id\":\"https:\\\/\\\/pre.equitat.org\\\/es#website\",\"url\":\"https:\\\/\\\/pre.equitat.org\\\/es\",\"name\":\"Equitat.org\",\"description\":\"educaci\u00f3 per canviar-ho tot\",\"publisher\":{\"@id\":\"https:\\\/\\\/pre.equitat.org\\\/es#organization\"},\"potentialAction\":[{\"@type\":\"SearchAction\",\"target\":{\"@type\":\"EntryPoint\",\"urlTemplate\":\"https:\\\/\\\/pre.equitat.org\\\/es?s={search_term_string}\"},\"query-input\":{\"@type\":\"PropertyValueSpecification\",\"valueRequired\":true,\"valueName\":\"search_term_string\"}}],\"inLanguage\":\"es\"},{\"@type\":\"Organization\",\"@id\":\"https:\\\/\\\/pre.equitat.org\\\/es#organization\",\"name\":\"Equitat\",\"url\":\"https:\\\/\\\/pre.equitat.org\\\/es\",\"logo\":{\"@type\":\"ImageObject\",\"inLanguage\":\"es\",\"@id\":\"https:\\\/\\\/pre.equitat.org\\\/es#\\\/schema\\\/logo\\\/image\\\/\",\"url\":\"https:\\\/\\\/pre.equitat.org\\\/app\\\/uploads\\\/2026\\\/04\\\/fundacio_jaume_bofill_logo.jpg\",\"contentUrl\":\"https:\\\/\\\/pre.equitat.org\\\/app\\\/uploads\\\/2026\\\/04\\\/fundacio_jaume_bofill_logo.jpg\",\"width\":200,\"height\":200,\"caption\":\"Equitat\"},\"image\":{\"@id\":\"https:\\\/\\\/pre.equitat.org\\\/es#\\\/schema\\\/logo\\\/image\\\/\"},\"sameAs\":[\"https:\\\/\\\/www.facebook.com\\\/FundacioBofill?locale=es_ES\",\"https:\\\/\\\/x.com\\\/FundacioBofill\"]}]}<\/script>\n<!-- \/ Yoast SEO plugin. -->","yoast_head_json":{"title":"Dossier: La mejora de la regulaci\u00f3n de los conciertos educativos es imprescindible para promover la equidad y reducir las desigualdades - Equitat.org","robots":{"index":"noindex","follow":"follow","max-snippet":"max-snippet:-1","max-image-preview":"max-image-preview:large","max-video-preview":"max-video-preview:-1"},"og_locale":"es_ES","og_type":"article","og_title":"Dossier: La mejora de la regulaci\u00f3n de los conciertos educativos es imprescindible para promover la equidad y reducir las desigualdades - Equitat.org","og_description":"Un informe urge a las administraciones educativas a revisar y reformar los conciertos educativos &#13; &#13; Espa\u00f1a es uno de los pa\u00edses de la OCDE con mayor peso de la educaci\u00f3n concertada. Actualmente, la escuela concertada en Espa\u00f1a representa alrededor del 30% del total de la matr\u00edcula en educaci\u00f3n primaria y secundaria. Este porcentaje se [&hellip;]","og_url":"https:\/\/pre.equitat.org\/es\/publicacions-videos\/dossier-la-mejora-de-la-regulacion-de-los-conciertos-educativos-es-imprescindible-para-promover-la-equidad-y-reducir-las-desigualdades","og_site_name":"Equitat.org","article_publisher":"https:\/\/www.facebook.com\/FundacioBofill?locale=es_ES","og_image":[{"width":1020,"height":844,"url":"https:\/\/www.equitat.org\/app\/uploads\/2025\/03\/b8p-politiques91_web_1020x844px-cast.jpg","type":"image\/jpeg"}],"twitter_card":"summary_large_image","twitter_site":"@FundacioBofill","twitter_misc":{"Tiempo de lectura":"2 minutos"},"schema":{"@context":"https:\/\/schema.org","@graph":[{"@type":"WebPage","@id":"https:\/\/pre.equitat.org\/es\/publicacions-videos\/dossier-la-mejora-de-la-regulacion-de-los-conciertos-educativos-es-imprescindible-para-promover-la-equidad-y-reducir-las-desigualdades","url":"https:\/\/pre.equitat.org\/es\/publicacions-videos\/dossier-la-mejora-de-la-regulacion-de-los-conciertos-educativos-es-imprescindible-para-promover-la-equidad-y-reducir-las-desigualdades","name":"Dossier: La mejora de la regulaci\u00f3n de los conciertos educativos es imprescindible para promover la equidad y reducir las desigualdades - Equitat.org","isPartOf":{"@id":"https:\/\/pre.equitat.org\/es#website"},"primaryImageOfPage":{"@id":"https:\/\/pre.equitat.org\/es\/publicacions-videos\/dossier-la-mejora-de-la-regulacion-de-los-conciertos-educativos-es-imprescindible-para-promover-la-equidad-y-reducir-las-desigualdades#primaryimage"},"image":{"@id":"https:\/\/pre.equitat.org\/es\/publicacions-videos\/dossier-la-mejora-de-la-regulacion-de-los-conciertos-educativos-es-imprescindible-para-promover-la-equidad-y-reducir-las-desigualdades#primaryimage"},"thumbnailUrl":"https:\/\/pre.equitat.org\/app\/uploads\/2025\/03\/b8p-politiques91_web_1020x844px-cast.jpg","datePublished":"2022-11-28T20:15:34+00:00","inLanguage":"es","potentialAction":[{"@type":"ReadAction","target":["https:\/\/pre.equitat.org\/es\/publicacions-videos\/dossier-la-mejora-de-la-regulacion-de-los-conciertos-educativos-es-imprescindible-para-promover-la-equidad-y-reducir-las-desigualdades"]}]},{"@type":"ImageObject","inLanguage":"es","@id":"https:\/\/pre.equitat.org\/es\/publicacions-videos\/dossier-la-mejora-de-la-regulacion-de-los-conciertos-educativos-es-imprescindible-para-promover-la-equidad-y-reducir-las-desigualdades#primaryimage","url":"https:\/\/pre.equitat.org\/app\/uploads\/2025\/03\/b8p-politiques91_web_1020x844px-cast.jpg","contentUrl":"https:\/\/pre.equitat.org\/app\/uploads\/2025\/03\/b8p-politiques91_web_1020x844px-cast.jpg","width":1020,"height":844},{"@type":"WebSite","@id":"https:\/\/pre.equitat.org\/es#website","url":"https:\/\/pre.equitat.org\/es","name":"Equitat.org","description":"educaci\u00f3 per canviar-ho tot","publisher":{"@id":"https:\/\/pre.equitat.org\/es#organization"},"potentialAction":[{"@type":"SearchAction","target":{"@type":"EntryPoint","urlTemplate":"https:\/\/pre.equitat.org\/es?s={search_term_string}"},"query-input":{"@type":"PropertyValueSpecification","valueRequired":true,"valueName":"search_term_string"}}],"inLanguage":"es"},{"@type":"Organization","@id":"https:\/\/pre.equitat.org\/es#organization","name":"Equitat","url":"https:\/\/pre.equitat.org\/es","logo":{"@type":"ImageObject","inLanguage":"es","@id":"https:\/\/pre.equitat.org\/es#\/schema\/logo\/image\/","url":"https:\/\/pre.equitat.org\/app\/uploads\/2026\/04\/fundacio_jaume_bofill_logo.jpg","contentUrl":"https:\/\/pre.equitat.org\/app\/uploads\/2026\/04\/fundacio_jaume_bofill_logo.jpg","width":200,"height":200,"caption":"Equitat"},"image":{"@id":"https:\/\/pre.equitat.org\/es#\/schema\/logo\/image\/"},"sameAs":["https:\/\/www.facebook.com\/FundacioBofill?locale=es_ES","https:\/\/x.com\/FundacioBofill"]}]}},"_links":{"self":[{"href":"https:\/\/pre.equitat.org\/es\/wp-json\/wp\/v2\/publicacions\/141696","targetHints":{"allow":["GET"]}}],"collection":[{"href":"https:\/\/pre.equitat.org\/es\/wp-json\/wp\/v2\/publicacions"}],"about":[{"href":"https:\/\/pre.equitat.org\/es\/wp-json\/wp\/v2\/types\/publicacions"}],"wp:featuredmedia":[{"embeddable":true,"href":"https:\/\/pre.equitat.org\/es\/wp-json\/wp\/v2\/media\/141700"}],"wp:attachment":[{"href":"https:\/\/pre.equitat.org\/es\/wp-json\/wp\/v2\/media?parent=141696"}],"curies":[{"name":"wp","href":"https:\/\/api.w.org\/{rel}","templated":true}]}}